{"id":299,"date":"2017-08-05T21:14:35","date_gmt":"2017-08-05T19:14:35","guid":{"rendered":"http:\/\/www.cabinet-vigier.com?page_id=299"},"modified":"2018-01-17T17:57:28","modified_gmt":"2018-01-17T16:57:28","slug":"impressum","status":"publish","type":"page","link":"https:\/\/cabinet-vigier.com\/de\/impressum\/","title":{"rendered":"Impressum"},"content":{"rendered":"<p>Angaben gem. <a href=\"http:\/\/www.gesetze-im-internet.de\/tmg\/__5.html\">\u00a7 5 Telemediengesetz<\/a> und <a href=\"https:\/\/www.gesetze-im-internet.de\/dlinfov\/__2.html\">\u00a7 2 DL-InfoV<\/a>\u00a0 (Deutschland) sowie <a href=\"http:\/\/www.legifrance.gouv.fr\/texteconsolide\/PCEBX.htm\">Artikel 19 des Gesetzes n\u00b02004-575 vom 21 Juni 2004 \u00fcber die Vertraulichkeit im digitalen Wirtschaftsverkehr\u00a0<\/a>(Frankreich) :<\/p>\n<p><strong>I. Kontakt:<\/strong><\/p>\n<p>Armin Vigier<br \/>\nRechtsanwalt<br \/>\nAvocat au Barreau<br \/>\n\u00d6ffentlich bestellter und allgemein beeidigter \u00dcbersetzer f\u00fcr die franz\u00f6sische Sprache<\/p>\n<p>Herzog Wilhelm Stra\u00dfe 10\/IV,\u00a0 80331 M\u00fcnchen<br \/>\nTelefon: + 49 (0)89 215 40 625<br \/>\nTelefax: +49 (0)89 215 40 627<br \/>\nE-mail: <a href=\"mailto:mail@cabinet-vigier.com\">mail@cabinet-vigier.com<\/a><\/p>\n<p><b>II. <\/b><strong>Berufsbezeichnung und zust\u00e4ndige Kammern<\/strong><\/p>\n<p>Herr Armin Vigier ist seit dem 07.09.2000 nach dem Recht der Bundesrepublik Deutschland zugelassener Rechtsanwalt und insoweit Mitglied der Rechtsanwaltskammer M\u00fcnchen <a href=\"http:\/\/www.rechtsanwaltskammer-muenchen.de\/\">Rechtsanwaltskammer M\u00fcnchen<\/a>, Tal 33, 80331 M\u00fcnchen, Deutschland, E-Mail: <a href=\"mailto:info@rak-m.de\">info@rak-m.de<\/a>, De-Mail: <a href=\"mailto:info@rak-m.de-mail.de\">info@rak-m.de-mail.de<\/a>.<\/p>\n<p>Herr Armin VIGIER ist daneben seit dem 11.03.2003 nach dem Recht der Republik Frankreich zugelassener Rechtsanwalt (Avocat) und insoweit Mitglied der Rechtsanwaltskammer Marseille (<a href=\"http:\/\/www.barreau-marseille.avocat.fr\/\">Ordre des Avocats au Barreau de Marseille<\/a>), 51, rue Grignan,13006 Marseille, Frankreich.<\/p>\n<p>Herr Armin Vigier wurde am 30.11.2010 durch den Pr\u00e4sidenten des Landgerichts M\u00fcnchen I aufgrund des Gesetzes \u00fcber die \u00f6ffentliche Bestellung und allgemeine Beeidigung von Dolmetschern und \u00dcbersetzern \u2013 Dolmetschergesetz \u2013 f\u00fcr das Gebiet des Freistaates Bayern als \u00dcbersetzer f\u00fcr die franz\u00f6sische Sprache f\u00fcr gerichtliche und beh\u00f6rdliche Zwecke \u00f6ffentlich bestellt und allgemein beeidigt.<\/p>\n<p><b>III. Steuernummer:<\/b><\/p>\n<p>Steuernummer: 148\/170\/20527 \/ Umsatzsteuer-Identifikationsnummer: DE314436770<br \/>\n<strong><br \/>\nIV. Berufshaftpflichtversicherung:<\/strong><\/p>\n<p>Die Berufshaftpflichtversicherung f\u00fcr die T\u00e4tigkeit als Rechtsanwalt nach \u00a7 51 BRAO\u00a0besteht bei der Allianz Versicherungs-Aktiengesellschaft, 10900 Berlin<br \/>\n<b><br \/>\nV. <\/b><strong>Berufsrechtliche Regelungen:<\/strong><\/p>\n<p><strong>1. Die deutsche Rechtsanwaltschaft (Rechtsanwalt)<\/strong><\/p>\n<p>Die Aus\u00fcbung des Berufs des deutschen Rechtsanwalts unterliegt den folgenden berufsrechtlichen Vorschriften, die auf der Seite der <a href=\"http:\/\/www.brak.de\/seiten\/06.php\">Bundesrechtsanwaltskammer (Rubrik: Berufsrecht)<\/a> eingesehen werden k\u00f6nnen:<\/p>\n<ul>\n<li>Bundesrechtsanwaltsordnung (BRAO)<\/li>\n<li>Berufsordnung (BORA)<br \/>\nGesetz \u00fcber die Verg\u00fctung der Rechtsanw\u00e4ltinnen und Rechtsanw\u00e4lte (RVG)<\/li>\n<li>Fachanwaltsordnung (FAO)<\/li>\n<li>Gesetz \u00fcber die T\u00e4tigkeit europ\u00e4ischer Rechtsanw\u00e4lte in Deutschland (EuRAG)<\/li>\n<li>Berufsregeln der Rechtsanw\u00e4lte der Europ\u00e4ischen Gemeinschaft (CCBE)<\/li>\n<li>Geldw\u00e4schebek\u00e4mpfungsgesetz (GwG)<\/li>\n<li>Verordnung \u00fcber die Rechtsanwaltsverzeichnisse und die besonderen elektronischen Anwaltspostf\u00e4cher<strong><br \/>\n<\/strong><\/li>\n<\/ul>\n<p><strong>2. Die franz\u00f6sische Rechtsanwaltschaft (Avocat)<\/strong><\/p>\n<p>Die Aus\u00fcbung des Berufs des franz\u00f6sischen Rechtsanwalts (Avocat) unterliegt den folgenden berufsrechtlichen Vorschriften, die auf der Seite der Rechtsanwaltskammer Marseille <a href=\"https:\/\/www.barreau-marseille.avocat.fr\/fr\/profession\/deontologie\">(Ordre des Avocats au Barreau de Marseille)<\/a> eingesehen werden k\u00f6nnen:<\/p>\n<ul>\n<li>Loi du 31 d\u00e9cembre 1971 modifi\u00e9e<\/li>\n<li>D\u00e9cret du 27 novembre 1991 modifi\u00e9<\/li>\n<li>D\u00e9cret du 12 juillet 2005 relatif aux r\u00e8gles de d\u00e9ontologie de la profession d\u2019avocat<\/li>\n<li>D\u00e9cision du Conseil National des Barreaux \u00e0 caract\u00e8re normatif n\u00b0 2005-003 portant adoption du R\u00e8glement int\u00e9rieur national (RIN) de la profession d\u2019avocat<\/li>\n<li><a href=\"http:\/\/www.ccbe.eu\/fileadmin\/speciality_distribution\/public\/documents\/DEONTOLOGY\/DEON_CoC\/FR_DEON_CoC.pdf\">Code de d\u00e9ontologie des avocats europ\u00e9ens (CCBE<\/a><a href=\"http:\/\/www.ccbe.eu\/fileadmin\/user_upload\/NTCdocument\/2006_code_frpdf2_1228293527.pdf\">)<\/a><\/li>\n<\/ul>\n<p><b>VI. Au\u00dfergerichtliche Streitschlichtung<\/b><\/p>\n<p>Bei Streitigkeiten zwischen Rechtsanw\u00e4lten und ihren Auftraggebern besteht auf Antrag die M\u00f6glichkeit der au\u00dfergerichtlichen Streitschlichtung bei der regionalen Rechtsanwaltskammer M\u00fcnchen (gem\u00e4\u00df \u00a7 73 Abs. 2 Nr. 3 i.V.m. \u00a7 73 Abs. 5 BRAO) oder bei der Schlichtungsstelle der Rechtsanwaltschaft (\u00a7 191f BRAO) bei der Bundesrechtsanwaltskammer, im Internet zu finden \u00fcber die Homepage der Bundesrechtsanwaltskammer (<a href=\"http:\/\/www.brak.de\/\">www.brak.de<\/a>), E\u2010Mail: schlichtungsstel<a href=\"mailto:le@s-d-r.org\">le@s-d-r.org<\/a><\/p>\n<p>Daneben stellt die Europ\u00e4ische Kommission eine Plattform der EU zur au\u00dfergerichtlichen Online- Streitbeilegung bereit: <a href=\"http:\/\/ec.europa.eu\/consumers\/odr\/\">http:\/\/ec.europa.eu\/consumers\/odr\/<\/a><\/p>\n<p><b>VII. Bildquellen \/ Copyright-Hinweis<\/b><\/p>\n<p>Das Layout der Homepage, die verwendeten Grafiken sowie die sonstigen Inhalte sind urheberrechtlich gesch\u00fctzt. Eine Vervielf\u00e4ltigung oder Verwendung der Texte und Grafiken in anderen elektronischen oder gedruckten Publikationen ist ohne ausdr\u00fcckliche Zustimmung von cabinet-vigier.com nicht gestattet.<\/p>\n<p>Wir verwenden Bilder von www.<a href=\"http:\/\/www.shutterstock.com\">shutterstock.com<\/a><\/p>\n<p>Folgende Bilder werden auf der Startseite und im Men\u00fc Arbeitsbereiche verwendet:<\/p>\n<h5>Stockfoto-ID: 647367616<br \/>\nmagnifying glass focus on deadline calendar with some coin and calculator in foreground, overdue, reminder concept<br \/>\nAutor: Doucefleur\/Shutterstock.com<br \/>\n<u><\/u><\/h5>\n<h5>Stockfoto-ID: 339204554<br \/>\nChess figure, business concept strategy, leadership, team and success<br \/>\nAutor: alice-photo\/Shutterstock.com<br \/>\n<u><\/u><\/h5>\n<h5>Stockfoto-ID: 162929063<br \/>\nWindows of Skyscraper Business Office, Corporate building in London City, England, UK<br \/>\nAutor: alice-photo\/Shutterstock.com<br \/>\n<u><\/u><\/h5>\n<h5>Stockfoto-ID: 144571424<br \/>\nModern villa with pool, view from the garden<br \/>\nAutor: Alexandre zveige\/Shutterstock.com<\/h5>\n<h5>Stockfoto-ID: 566050336<br \/>\nmodern cubic residential architecture in Berlin<br \/>\nAutor: patino\/Shutterstock.com<\/h5>\n<h5>Stockfoto-ID: 570144046<br \/>\nPortrait of happy family standing at beach<br \/>\nAutor: vectorfusionart\/Shutterstock.com<br \/>\n<u><\/u><\/h5>\n<h5>Stockfoto-ID: 447357799<br \/>\nAerial panoramic view on basilica of Notre Dame de la Garde and old port in Marseille, France<br \/>\nAutor: S-F\/Shutterstock.com<\/h5>\n<p>Stockfoto-ID: 352865495<br \/>\nAerial view on Marienplatz town hall and Frauenkirche in Munich, Germany<br \/>\nAutor: S-F\/Shutterstock.com<br \/>\n<u><\/u><\/p>\n<h5>Stockfoto-ID: 234238867<br \/>\nGrandparents and grandson together in autumn park<br \/>\nAutor: Ruslan Guzov\/Shutterstock.com<br \/>\n<u><\/u><\/h5>\n<p>Stockfoto-ID: 86271325<br \/>\nmodern house<br \/>\nAutor: Berni\/Shutterstock.com<br \/>\n<u><\/u><\/p>\n<p>Stockfoto-ID: 270244094<br \/>\nHandshake<br \/>\nAutor: pikcha\/Shutterstock.com<u><br \/>\n<\/u><\/p>\n<p>Stockfoto-ID: 580690882<br \/>\nHands of financial manager taking notes when working<br \/>\nAutor: Fabio Balbi\/Shutterstock.com<br \/>\n<u><\/u><\/p>\n<p>Stockfoto-ID: 290212598<br \/>\nInternational Airport Business Travel Airport Terminal Concept<br \/>\nAutor: Rawpixel.com\/Shutterstock.com<br \/>\n<u><\/u><\/p>\n<p>Stockfoto-ID: 654477787<br \/>\nhuman resources and business hierarchy concept<br \/>\nAutor: ronstik\/Shutterstock.com<br \/>\n<u><\/u><\/p>\n<p>Stockfoto-ID: 390994372 Mediterranean vegetation surrounding an old house in Saint Tropez, French Riviera, France<br \/>\nAutor: Inu\/Shutterstock.com<br \/>\n<u><\/u><\/p>\n<p>Stockfoto-ID: 549735178<br \/>\nwarehouse interior<br \/>\nAutor: Don Pablo\/Shutterstock.com<br \/>\n<u><\/u><\/p>\n<p>Stockfoto-ID: 678529480<br \/>\nBusinessman Is Signing A Legal Document In Office<br \/>\nAutor: ilkercelik\/Shutterstock.com<br \/>\n<u><\/u><\/p>\n<p>Stockfoto-ID: 602151149<br \/>\nThe Statue of Justice &#8211; lady justice or Iustitia \/ Justitia the Roman goddess of Justice<br \/>\nAutor: Alexander Kirch\/Shutterstock.com<br \/>\n<u><\/u><\/p>\n","protected":false},"excerpt":{"rendered":"<p>Angaben gem. \u00a7 5 Telemediengesetz und \u00a7 2 DL-InfoV\u00a0 (Deutschland) sowie Artikel 19 des Gesetzes n\u00b02004-575 vom 21 Juni 2004 \u00fcber die Vertraulichkeit im digitalen Wirtschaftsverkehr\u00a0(Frankreich) : I. Kontakt: Armin Vigier Rechtsanwalt Avocat au Barreau \u00d6ffentlich bestellter und allgemein beeidigter \u00dcbersetzer f\u00fcr die franz\u00f6sische Sprache Herzog Wilhelm Stra\u00dfe 10\/IV,\u00a0 80331 M\u00fcnchen Telefon: + 49 (0)89 &#8230; <a title=\"Impressum\" class=\"read-more\" href=\"https:\/\/cabinet-vigier.com\/de\/impressum\/\" aria-label=\"Mehr zu Impressum\">Weiterlesen &#8230;<\/a><\/p>\n","protected":false},"author":2,"featured_media":0,"parent":0,"menu_order":0,"comment_status":"closed","ping_status":"closed","template":"","meta":{"_monsterinsights_skip_tracking":false,"_monsterinsights_sitenote_active":false,"_monsterinsights_sitenote_note":"","_monsterinsights_sitenote_category":0,"_uf_show_specific_survey":0,"_uf_disable_surveys":false,"generate_page_header":"","footnotes":""},"class_list":["post-299","page","type-page","status-publish"],"yoast_head":"<!-- This site is optimized with the Yoast SEO plugin v24.5 - https:\/\/yoast.com\/wordpress\/plugins\/seo\/ -->\n<title>Impressum - Cabinet Vigier<\/title>\n<meta name=\"description\" content=\"Impressum der deutsch-franz\u00f6sischen Anwaltskanzlei CABINET VIGIER - M\u00fcnchen, Marseille, Anschriften, Ansprechpartner, Aufsichtsbeh\u00f6rden etc.\" \/>\n<meta name=\"robots\" content=\"index, follow, max-snippet:-1, max-image-preview:large, max-video-preview:-1\" \/>\n<link rel=\"canonical\" href=\"https:\/\/cabinet-vigier.com\/de\/impressum\/\" \/>\n<meta property=\"og:locale\" content=\"de_DE\" \/>\n<meta property=\"og:type\" content=\"article\" \/>\n<meta property=\"og:title\" content=\"Impressum - Cabinet Vigier\" \/>\n<meta property=\"og:description\" content=\"Impressum der deutsch-franz\u00f6sischen Anwaltskanzlei CABINET VIGIER - M\u00fcnchen, Marseille, Anschriften, Ansprechpartner, Aufsichtsbeh\u00f6rden etc.\" \/>\n<meta property=\"og:url\" content=\"https:\/\/cabinet-vigier.com\/de\/impressum\/\" \/>\n<meta property=\"og:site_name\" content=\"Cabinet Vigier\" \/>\n<meta property=\"article:modified_time\" content=\"2018-01-17T16:57:28+00:00\" \/>\n<meta name=\"twitter:card\" content=\"summary_large_image\" \/>\n<meta name=\"twitter:label1\" content=\"Gesch\u00e4tzte Lesezeit\" \/>\n\t<meta name=\"twitter:data1\" content=\"4\u00a0Minuten\" \/>\n<script type=\"application\/ld+json\" class=\"yoast-schema-graph\">{\"@context\":\"https:\/\/schema.org\",\"@graph\":[{\"@type\":\"WebPage\",\"@id\":\"https:\/\/cabinet-vigier.com\/de\/impressum\/\",\"url\":\"https:\/\/cabinet-vigier.com\/de\/impressum\/\",\"name\":\"Impressum - Cabinet Vigier\",\"isPartOf\":{\"@id\":\"https:\/\/cabinet-vigier.com\/fr\/#website\"},\"datePublished\":\"2017-08-05T19:14:35+00:00\",\"dateModified\":\"2018-01-17T16:57:28+00:00\",\"description\":\"Impressum der deutsch-franz\u00f6sischen Anwaltskanzlei CABINET VIGIER - M\u00fcnchen, Marseille, Anschriften, Ansprechpartner, Aufsichtsbeh\u00f6rden etc.\",\"breadcrumb\":{\"@id\":\"https:\/\/cabinet-vigier.com\/de\/impressum\/#breadcrumb\"},\"inLanguage\":\"de\",\"potentialAction\":[{\"@type\":\"ReadAction\",\"target\":[\"https:\/\/cabinet-vigier.com\/de\/impressum\/\"]}]},{\"@type\":\"BreadcrumbList\",\"@id\":\"https:\/\/cabinet-vigier.com\/de\/impressum\/#breadcrumb\",\"itemListElement\":[{\"@type\":\"ListItem\",\"position\":1,\"name\":\"Startseite\",\"item\":\"https:\/\/cabinet-vigier.com\/de\/\"},{\"@type\":\"ListItem\",\"position\":2,\"name\":\"Impressum\"}]},{\"@type\":\"WebSite\",\"@id\":\"https:\/\/cabinet-vigier.com\/fr\/#website\",\"url\":\"https:\/\/cabinet-vigier.com\/fr\/\",\"name\":\"Cabinet Vigier\",\"description\":\"Deutsch-franz\u00f6sische Anwaltskanzlei - Cabinet d&#039;avocats franco allemand\",\"publisher\":{\"@id\":\"https:\/\/cabinet-vigier.com\/fr\/#organization\"},\"potentialAction\":[{\"@type\":\"SearchAction\",\"target\":{\"@type\":\"EntryPoint\",\"urlTemplate\":\"https:\/\/cabinet-vigier.com\/fr\/?s={search_term_string}\"},\"query-input\":{\"@type\":\"PropertyValueSpecification\",\"valueRequired\":true,\"valueName\":\"search_term_string\"}}],\"inLanguage\":\"de\"},{\"@type\":\"Organization\",\"@id\":\"https:\/\/cabinet-vigier.com\/fr\/#organization\",\"name\":\"Cabinet Vigier\",\"url\":\"https:\/\/cabinet-vigier.com\/fr\/\",\"logo\":{\"@type\":\"ImageObject\",\"inLanguage\":\"de\",\"@id\":\"https:\/\/cabinet-vigier.com\/fr\/#\/schema\/logo\/image\/\",\"url\":\"https:\/\/cabinet-vigier.com\/wp-content\/uploads\/2017\/08\/cropped-AV-Logo-DF-ult10-500x.jpg\",\"contentUrl\":\"https:\/\/cabinet-vigier.com\/wp-content\/uploads\/2017\/08\/cropped-AV-Logo-DF-ult10-500x.jpg\",\"width\":500,\"height\":100,\"caption\":\"Cabinet Vigier\"},\"image\":{\"@id\":\"https:\/\/cabinet-vigier.com\/fr\/#\/schema\/logo\/image\/\"}}]}<\/script>\n<!-- \/ Yoast SEO plugin. -->","yoast_head_json":{"title":"Impressum - Cabinet Vigier","description":"Impressum der deutsch-franz\u00f6sischen Anwaltskanzlei CABINET VIGIER - M\u00fcnchen, Marseille, Anschriften, Ansprechpartner, Aufsichtsbeh\u00f6rden etc.","robots":{"index":"index","follow":"follow","max-snippet":"max-snippet:-1","max-image-preview":"max-image-preview:large","max-video-preview":"max-video-preview:-1"},"canonical":"https:\/\/cabinet-vigier.com\/de\/impressum\/","og_locale":"de_DE","og_type":"article","og_title":"Impressum - Cabinet Vigier","og_description":"Impressum der deutsch-franz\u00f6sischen Anwaltskanzlei CABINET VIGIER - M\u00fcnchen, Marseille, Anschriften, Ansprechpartner, Aufsichtsbeh\u00f6rden etc.","og_url":"https:\/\/cabinet-vigier.com\/de\/impressum\/","og_site_name":"Cabinet Vigier","article_modified_time":"2018-01-17T16:57:28+00:00","twitter_card":"summary_large_image","twitter_misc":{"Gesch\u00e4tzte Lesezeit":"4\u00a0Minuten"},"schema":{"@context":"https:\/\/schema.org","@graph":[{"@type":"WebPage","@id":"https:\/\/cabinet-vigier.com\/de\/impressum\/","url":"https:\/\/cabinet-vigier.com\/de\/impressum\/","name":"Impressum - Cabinet Vigier","isPartOf":{"@id":"https:\/\/cabinet-vigier.com\/fr\/#website"},"datePublished":"2017-08-05T19:14:35+00:00","dateModified":"2018-01-17T16:57:28+00:00","description":"Impressum der deutsch-franz\u00f6sischen Anwaltskanzlei CABINET VIGIER - M\u00fcnchen, Marseille, Anschriften, Ansprechpartner, Aufsichtsbeh\u00f6rden etc.","breadcrumb":{"@id":"https:\/\/cabinet-vigier.com\/de\/impressum\/#breadcrumb"},"inLanguage":"de","potentialAction":[{"@type":"ReadAction","target":["https:\/\/cabinet-vigier.com\/de\/impressum\/"]}]},{"@type":"BreadcrumbList","@id":"https:\/\/cabinet-vigier.com\/de\/impressum\/#breadcrumb","itemListElement":[{"@type":"ListItem","position":1,"name":"Startseite","item":"https:\/\/cabinet-vigier.com\/de\/"},{"@type":"ListItem","position":2,"name":"Impressum"}]},{"@type":"WebSite","@id":"https:\/\/cabinet-vigier.com\/fr\/#website","url":"https:\/\/cabinet-vigier.com\/fr\/","name":"Cabinet Vigier","description":"Deutsch-franz\u00f6sische Anwaltskanzlei - Cabinet d&#039;avocats franco allemand","publisher":{"@id":"https:\/\/cabinet-vigier.com\/fr\/#organization"},"potentialAction":[{"@type":"SearchAction","target":{"@type":"EntryPoint","urlTemplate":"https:\/\/cabinet-vigier.com\/fr\/?s={search_term_string}"},"query-input":{"@type":"PropertyValueSpecification","valueRequired":true,"valueName":"search_term_string"}}],"inLanguage":"de"},{"@type":"Organization","@id":"https:\/\/cabinet-vigier.com\/fr\/#organization","name":"Cabinet Vigier","url":"https:\/\/cabinet-vigier.com\/fr\/","logo":{"@type":"ImageObject","inLanguage":"de","@id":"https:\/\/cabinet-vigier.com\/fr\/#\/schema\/logo\/image\/","url":"https:\/\/cabinet-vigier.com\/wp-content\/uploads\/2017\/08\/cropped-AV-Logo-DF-ult10-500x.jpg","contentUrl":"https:\/\/cabinet-vigier.com\/wp-content\/uploads\/2017\/08\/cropped-AV-Logo-DF-ult10-500x.jpg","width":500,"height":100,"caption":"Cabinet Vigier"},"image":{"@id":"https:\/\/cabinet-vigier.com\/fr\/#\/schema\/logo\/image\/"}}]}},"_links":{"self":[{"href":"https:\/\/cabinet-vigier.com\/de\/wp-json\/wp\/v2\/pages\/299","targetHints":{"allow":["GET"]}}],"collection":[{"href":"https:\/\/cabinet-vigier.com\/de\/wp-json\/wp\/v2\/pages"}],"about":[{"href":"https:\/\/cabinet-vigier.com\/de\/wp-json\/wp\/v2\/types\/page"}],"author":[{"embeddable":true,"href":"https:\/\/cabinet-vigier.com\/de\/wp-json\/wp\/v2\/users\/2"}],"replies":[{"embeddable":true,"href":"https:\/\/cabinet-vigier.com\/de\/wp-json\/wp\/v2\/comments?post=299"}],"version-history":[{"count":19,"href":"https:\/\/cabinet-vigier.com\/de\/wp-json\/wp\/v2\/pages\/299\/revisions"}],"predecessor-version":[{"id":1212,"href":"https:\/\/cabinet-vigier.com\/de\/wp-json\/wp\/v2\/pages\/299\/revisions\/1212"}],"wp:attachment":[{"href":"https:\/\/cabinet-vigier.com\/de\/wp-json\/wp\/v2\/media?parent=299"}],"curies":[{"name":"wp","href":"https:\/\/api.w.org\/{rel}","templated":true}]}}